{"version":"1.0","provider_name":"GYS NOTICIAS |","provider_url":"https:\/\/gysfm.com.ar\/inicio","author_name":"Prensa G&amp;S FM","author_url":"https:\/\/gysfm.com.ar\/inicio\/author\/lucasm\/","title":"Pronostico del tiempo: vuelve el fr\u00edo al AMBA - GYS NOTICIAS |","type":"rich","width":600,"height":338,"html":"<blockquote class=\"wp-embedded-content\" data-secret=\"j8BqyigTPl\"><a href=\"https:\/\/gysfm.com.ar\/inicio\/pronostico-del-tiempo-vuelve-el-frio-al-amba\/\">Pronostico del tiempo: vuelve el fr\u00edo al AMBA<\/a><\/blockquote><iframe sandbox=\"allow-scripts\" security=\"restricted\" src=\"https:\/\/gysfm.com.ar\/inicio\/pronostico-del-tiempo-vuelve-el-frio-al-amba\/embed\/#?secret=j8BqyigTPl\" width=\"600\" height=\"338\" title=\"\u00abPronostico del tiempo: vuelve el fr\u00edo al AMBA\u00bb \u2014 GYS NOTICIAS |\" data-secret=\"j8BqyigTPl\" frameborder=\"0\" marginwidth=\"0\" marginheight=\"0\" scrolling=\"no\" class=\"wp-embedded-content\"><\/iframe><script type=\"text\/javascript\">\n\/* <![CDATA[ *\/\n\/*! This file is auto-generated *\/\n!function(d,l){\"use strict\";l.querySelector&&d.addEventListener&&\"undefined\"!=typeof URL&&(d.wp=d.wp||{},d.wp.receiveEmbedMessage||(d.wp.receiveEmbedMessage=function(e){var t=e.data;if((t||t.secret||t.message||t.value)&&!\/[^a-zA-Z0-9]\/.test(t.secret)){for(var s,r,n,a=l.querySelectorAll('iframe[data-secret=\"'+t.secret+'\"]'),o=l.querySelectorAll('blockquote[data-secret=\"'+t.secret+'\"]'),c=new RegExp(\"^https?:$\",\"i\"),i=0;i<o.length;i++)o[i].style.display=\"none\";for(i=0;i<a.length;i++)s=a[i],e.source===s.contentWindow&&(s.removeAttribute(\"style\"),\"height\"===t.message?(1e3<(r=parseInt(t.value,10))?r=1e3:~~r<200&&(r=200),s.height=r):\"link\"===t.message&&(r=new URL(s.getAttribute(\"src\")),n=new URL(t.value),c.test(n.protocol))&&n.host===r.host&&l.activeElement===s&&(d.top.location.href=t.value))}},d.addEventListener(\"message\",d.wp.receiveEmbedMessage,!1),l.addEventListener(\"DOMContentLoaded\",function(){for(var e,t,s=l.querySelectorAll(\"iframe.wp-embedded-content\"),r=0;r<s.length;r++)(t=(e=s[r]).getAttribute(\"data-secret\"))||(t=Math.random().toString(36).substring(2,12),e.src+=\"#?secret=\"+t,e.setAttribute(\"data-secret\",t)),e.contentWindow.postMessage({message:\"ready\",secret:t},\"*\")},!1)))}(window,document);\n\/\/# sourceURL=https:\/\/gysfm.com.ar\/inicio\/wp-includes\/js\/wp-embed.min.js\n\/* ]]> *\/\n<\/script>\n","thumbnail_url":"https:\/\/gysfm.com.ar\/inicio\/wp-content\/uploads\/2026\/04\/frio-2208383-768x432.jpg","thumbnail_width":600,"thumbnail_height":338,"description":"Tras varios d\u00edas con temperaturas templadas e incluso registros por encima de lo habitual para esta \u00e9poca, el \u00c1rea Metropolitana de Buenos Aires (AMBA) podr\u00eda experimentar un cambio en las condiciones del tiempo en los pr\u00f3ximos d\u00edas, con el regreso de marcas t\u00e9rmicas m\u00e1s acordes al oto\u00f1o. Seg\u00fan anticipan los pron\u00f3sticos meteorol\u00f3gicos, un frente de [&hellip;]"}