{"version":"1.0","provider_name":"GYS NOTICIAS |","provider_url":"https:\/\/gysfm.com.ar\/inicio","author_name":"Prensa G&amp;S FM","author_url":"https:\/\/gysfm.com.ar\/inicio\/author\/lucasm\/","title":"El derecho a la educaci\u00f3n, en riesgo - GYS NOTICIAS |","type":"rich","width":600,"height":338,"html":"<blockquote class=\"wp-embedded-content\" data-secret=\"QO6GYdynT2\"><a href=\"https:\/\/gysfm.com.ar\/inicio\/el-derecho-a-la-educacion-en-riesgo\/\">El derecho a la educaci\u00f3n, en riesgo<\/a><\/blockquote><iframe sandbox=\"allow-scripts\" security=\"restricted\" src=\"https:\/\/gysfm.com.ar\/inicio\/el-derecho-a-la-educacion-en-riesgo\/embed\/#?secret=QO6GYdynT2\" width=\"600\" height=\"338\" title=\"\u00abEl derecho a la educaci\u00f3n, en riesgo\u00bb \u2014 GYS NOTICIAS |\" data-secret=\"QO6GYdynT2\" frameborder=\"0\" marginwidth=\"0\" marginheight=\"0\" scrolling=\"no\" class=\"wp-embedded-content\"><\/iframe><script type=\"text\/javascript\">\n\/* <![CDATA[ *\/\n\/*! This file is auto-generated *\/\n!function(d,l){\"use strict\";l.querySelector&&d.addEventListener&&\"undefined\"!=typeof URL&&(d.wp=d.wp||{},d.wp.receiveEmbedMessage||(d.wp.receiveEmbedMessage=function(e){var t=e.data;if((t||t.secret||t.message||t.value)&&!\/[^a-zA-Z0-9]\/.test(t.secret)){for(var s,r,n,a=l.querySelectorAll('iframe[data-secret=\"'+t.secret+'\"]'),o=l.querySelectorAll('blockquote[data-secret=\"'+t.secret+'\"]'),c=new RegExp(\"^https?:$\",\"i\"),i=0;i<o.length;i++)o[i].style.display=\"none\";for(i=0;i<a.length;i++)s=a[i],e.source===s.contentWindow&&(s.removeAttribute(\"style\"),\"height\"===t.message?(1e3<(r=parseInt(t.value,10))?r=1e3:~~r<200&&(r=200),s.height=r):\"link\"===t.message&&(r=new URL(s.getAttribute(\"src\")),n=new URL(t.value),c.test(n.protocol))&&n.host===r.host&&l.activeElement===s&&(d.top.location.href=t.value))}},d.addEventListener(\"message\",d.wp.receiveEmbedMessage,!1),l.addEventListener(\"DOMContentLoaded\",function(){for(var e,t,s=l.querySelectorAll(\"iframe.wp-embedded-content\"),r=0;r<s.length;r++)(t=(e=s[r]).getAttribute(\"data-secret\"))||(t=Math.random().toString(36).substring(2,12),e.src+=\"#?secret=\"+t,e.setAttribute(\"data-secret\",t)),e.contentWindow.postMessage({message:\"ready\",secret:t},\"*\")},!1)))}(window,document);\n\/\/# sourceURL=https:\/\/gysfm.com.ar\/inicio\/wp-includes\/js\/wp-embed.min.js\n\/* ]]> *\/\n<\/script>\n","thumbnail_url":"https:\/\/gysfm.com.ar\/inicio\/wp-content\/uploads\/2026\/04\/260426protestaeducaciondocentesmarchacterag-2227690-768x432.jpg","thumbnail_width":600,"thumbnail_height":338,"description":"Patricio Cabezas *, Eva Da Porta ** y Marcela Browne *** Hoy 01:14 El sistema educativo argentino atraviesa una de las crisis m\u00e1s profundas de su historia. Lo que hoy se reclama en universidades, escuelas y hogares no es una cifra t\u00e9cnica ni una simple partida presupuestaria, sino la vigencia de la educaci\u00f3n como derecho [&hellip;]"}